{"version":"1.0","provider_name":"Diario del Oeste","provider_url":"https:\/\/diariodeloeste.com\/noticias","author_name":"Redaccion","author_url":"https:\/\/diariodeloeste.com\/noticias\/author\/redaccion\/","title":"CONTENCI\u00d3N DE ADULTOS MAYORES EN SITUACION DE CALLE - Diario del Oeste","type":"rich","width":600,"height":338,"html":"<blockquote class=\"wp-embedded-content\" data-secret=\"phMdzSXnrY\"><a href=\"https:\/\/diariodeloeste.com\/noticias\/2024\/05\/23\/contencion-de-adultos-mayores-en-situacion-de-calle\/\">CONTENCI\u00d3N DE ADULTOS MAYORES EN SITUACION DE CALLE<\/a><\/blockquote><iframe sandbox=\"allow-scripts\" security=\"restricted\" src=\"https:\/\/diariodeloeste.com\/noticias\/2024\/05\/23\/contencion-de-adultos-mayores-en-situacion-de-calle\/embed\/#?secret=phMdzSXnrY\" width=\"600\" height=\"338\" title=\"&#8220;CONTENCI\u00d3N DE ADULTOS MAYORES EN SITUACION DE CALLE&#8221; &#8212; Diario del Oeste\" data-secret=\"phMdzSXnrY\" frameborder=\"0\" marginwidth=\"0\" marginheight=\"0\" scrolling=\"no\" class=\"wp-embedded-content\"><\/iframe><script>\n\/*! This file is auto-generated *\/\n!function(d,l){\"use strict\";l.querySelector&&d.addEventListener&&\"undefined\"!=typeof URL&&(d.wp=d.wp||{},d.wp.receiveEmbedMessage||(d.wp.receiveEmbedMessage=function(e){var t=e.data;if((t||t.secret||t.message||t.value)&&!\/[^a-zA-Z0-9]\/.test(t.secret)){for(var s,r,n,a=l.querySelectorAll('iframe[data-secret=\"'+t.secret+'\"]'),o=l.querySelectorAll('blockquote[data-secret=\"'+t.secret+'\"]'),c=new RegExp(\"^https?:$\",\"i\"),i=0;i<o.length;i++)o[i].style.display=\"none\";for(i=0;i<a.length;i++)s=a[i],e.source===s.contentWindow&&(s.removeAttribute(\"style\"),\"height\"===t.message?(1e3<(r=parseInt(t.value,10))?r=1e3:~~r<200&&(r=200),s.height=r):\"link\"===t.message&&(r=new URL(s.getAttribute(\"src\")),n=new URL(t.value),c.test(n.protocol))&&n.host===r.host&&l.activeElement===s&&(d.top.location.href=t.value))}},d.addEventListener(\"message\",d.wp.receiveEmbedMessage,!1),l.addEventListener(\"DOMContentLoaded\",function(){for(var e,t,s=l.querySelectorAll(\"iframe.wp-embedded-content\"),r=0;r<s.length;r++)(t=(e=s[r]).getAttribute(\"data-secret\"))||(t=Math.random().toString(36).substring(2,12),e.src+=\"#?secret=\"+t,e.setAttribute(\"data-secret\",t)),e.contentWindow.postMessage({message:\"ready\",secret:t},\"*\")},!1)))}(window,document);\n\/\/# sourceURL=https:\/\/diariodeloeste.com\/noticias\/wp-includes\/js\/wp-embed.min.js\n<\/script>\n","thumbnail_url":"https:\/\/diariodeloeste.com\/noticias\/wp-content\/uploads\/2024\/05\/jose-c-paz-7.jpeg","thumbnail_width":1080,"thumbnail_height":566,"description":"El Intendente Mario Ishii supervis\u00f3 el funcionamiento del centro municipal \u201cLa Bella Estaci\u00f3n\u201d, donde ha crecido la demanda en el \u00faltimo tiempo por la crisis social que estamos atravesando. Se ocupa personalmente de esta problem\u00e1tica y ha ampliado la capacidad de atenci\u00f3n debido al contexto. Convers\u00f3 con Ruth Barrios, Directora del lugar, y los residentes [&hellip;]"}